{"id":3241,"date":"2022-03-10T14:40:40","date_gmt":"2022-03-10T14:40:40","guid":{"rendered":"https:\/\/www.enart.com.pl\/?page_id=3241"},"modified":"2022-03-11T11:27:47","modified_gmt":"2022-03-11T11:27:47","slug":"polityka-prywatnosci","status":"publish","type":"page","link":"https:\/\/www.enart.com.pl\/?page_id=3241","title":{"rendered":"Polityka prywatno\u015bci"},"content":{"rendered":"\n<p><strong>Polityka prywatno\u015bci strony WWW<\/strong><\/p>\n\n\n\n<p><strong>I. Podstawowe poj\u0119cia<\/strong><\/p>\n\n\n\n<p>U\u017cyte w niniejszej Polityce Prywatno\u015bci poj\u0119cia oznaczaj\u0105:<\/p>\n\n\n\n<p>\u201e<strong>Administrator<\/strong>\u201d<\/p>\n\n\n\n<p><strong>Aurelia Pikulska<\/strong> &#8211; Organ prowadz\u0105cy <strong>Przedszkole Niepubliczne \u201eENART<\/strong>\u201d w Piaskach<br><strong>[ul. Drz\u0119czewska 8, 63-820 Piaski]<\/strong> <strong>[RSPO: 54208, REGON: 302251145].<\/strong><\/p>\n\n\n\n<p>adres e-mail: <strong>przedszkole@enart.com.pl<\/strong><\/p>\n\n\n\n<p>adres www: <strong>enart.com.pl<\/strong><\/p>\n\n\n\n<p>\u201e<strong>dane osobowe<\/strong>\u201d<\/p>\n\n\n\n<p>to informacje o zidentyfikowanej lub mo\u017cliwej do zidentyfikowania osobie fizycznej np. imi\u0119 i nazwisko, numer PESEL, NIP, REGON, telefon, dane o lokalizacji (w tym adres korespondencyjny, adres e-mail), identyfikator internetowy.<\/p>\n\n\n\n<p><strong>\u201eKlient\u201d<\/strong><\/p>\n\n\n\n<p>to podmiot, kt\u00f3ry zamierza skorzysta\u0107 lub korzysta z us\u0142ug oferowanych przez Administratora<\/p>\n\n\n\n<p>\u201e<strong>naruszenie ochrony danych osobowych<\/strong>\u201d<\/p>\n\n\n\n<p>to naruszenie bezpiecze\u0144stwa prowadz\u0105ce do przypadkowego lub niezgodnego z prawem zniszczenia, utracenia, zmodyfikowania, nieuprawnionego ujawnienia lub nieuprawnionego dost\u0119pu do danych osobowych przesy\u0142anych, przechowywanych lub w inny spos\u00f3b przetwarzanych.<\/p>\n\n\n\n<p>\u201e<strong>odbiorca<\/strong>\u201d<\/p>\n\n\n\n<p>to <strong>podmiot<\/strong>, kt\u00f3remu <strong>ujawnia si\u0119<\/strong> dane osobowe.<\/p>\n\n\n\n<p>\u201e<strong>ograniczenie<\/strong> <strong>przetwarzania<\/strong>\u201d<\/p>\n\n\n\n<p>oznacza to, \u017ce dane osobowe, kt\u00f3rych przetwarzanie zosta\u0142o ograniczone, mo\u017cna przetwarza\u0107, z wyj\u0105tkiem przechowywania, wy\u0142\u0105cznie za zgod\u0105 osoby, kt\u00f3rej dane dotycz\u0105, lub w celu ustalenia, dochodzenia lub obrony roszcze\u0144, lub w celu ochrony praw innej osoby fizycznej lub prawnej, lub z uwagi na wa\u017cne wzgl\u0119dy interesu publicznego Unii lub pa\u0144stwa cz\u0142onkowskiego (art. 18 ust. 2 RODO).<\/p>\n\n\n\n<p>\u201e<strong>podmiot przetwarzaj\u0105cy<\/strong>\u201d<\/p>\n\n\n\n<p>to <strong>podmiot<\/strong>, kt\u00f3ry <strong>przetwarza dane osobowe<\/strong> w imieniu Administratora.<\/p>\n\n\n\n<p>&nbsp;\u201e<strong>przetwarzanie danych osobowych<\/strong>\u201d<\/p>\n\n\n\n<p>to operacja lub zestaw operacji wykonywanych na danych osobowych, m.in. zbieranie, utrwalanie, organizowanie, porz\u0105dkowanie, przechowywanie, adaptowanie, modyfikowanie, pobieranie, przegl\u0105danie, wykorzystywanie, udost\u0119pnianie, ograniczanie, usuwanie.<\/p>\n\n\n\n<p><strong>\u201eRODO\u201d<\/strong><\/p>\n\n\n\n<p>to skr\u00f3cona nazwa aktu prawnego reguluj\u0105cego zasady przetwarzania danych osobowych tj. Rozporz\u0105dzenia Parlamentu Europejskiego i Rady (UE) 2016\/679 z dnia 27 kwietnia 2016 r. w sprawie ochrony os\u00f3b fizycznych w zwi\u0105zku z przetwarzaniem danych osobowych i w sprawie swobodnego przep\u0142ywu takich danych oraz uchylenia dyrektywy 95\/46\/WE.<\/p>\n\n\n\n<p>&nbsp;\u201e<strong>zgoda osoby, kt\u00f3rej dane dotycz\u0105<\/strong>\u201d<\/p>\n\n\n\n<p>oznacza dobrowolne, konkretne, \u015bwiadome i jednoznaczne okazanie woli, kt\u00f3rym osoba, kt\u00f3rej dane dotycz\u0105, w formie o\u015bwiadczenia lub wyra\u017anego dzia\u0142ania potwierdzaj\u0105cego, przyzwala na przetwarzanie dotycz\u0105cych jej danych osobowych.<\/p>\n\n\n\n<p><strong>II. Jak przetwarzane s\u0105 dane osobowe?<\/strong><\/p>\n\n\n\n<p><strong>1. zgodnie z prawem<\/strong> \u2013 przetwarzanie danych osobowych odbywa si\u0119 wy\u0142\u0105cznie w wyniku spe\u0142nienia jednej z poni\u017cszych przes\u0142anek, zgodnie z art. 6 ust. 1 RODO:<\/p>\n\n\n\n<p>a) <strong>zgoda Klienta<\/strong> na przetwarzanie danych osobowych w \u015bci\u015ble okre\u015blonym celu (np. w celach marketingowych, w celu cyklicznego przesy\u0142ania korespondencji w formie newsletter).<\/p>\n\n\n\n<p>b) przetwarzanie <strong>niezb\u0119dne do wykonania zawartej umowy<\/strong> (np. umowy sprzeda\u017cy produkt\u00f3w oferowanych na stronie www sklepu internetowego Administratora) lub <strong>podj\u0119cia dzia\u0142a\u0144 na \u017c\u0105danie Klienta<\/strong> przed zawarciem umowy (np. celem rejestracji na stronie www sklepu internetowego Administratora) &nbsp;<\/p>\n\n\n\n<p>c) przetwarzanie <strong>niezb\u0119dne do wype\u0142nienia obowi\u0105zk\u00f3w prawnych ci\u0105\u017c\u0105cych na Administratorze<\/strong> (np. dla cel\u00f3w ksi\u0119gowych i podatkowych),<\/p>\n\n\n\n<p>d) przetwarzanie <strong>niezb\u0119dne do cel\u00f3w wynikaj\u0105cych z prawnie uzasadnionych interes\u00f3w realizowanych przez Administratora <\/strong>(np. dochodzenia roszcze\u0144 wobec Klient\u00f3w), z wyj\u0105tkiem sytuacji, w kt\u00f3rych nadrz\u0119dny charakter wobec tych interes\u00f3w maj\u0105 interesy lub podstawowe prawa i wolno\u015bci osoby, kt\u00f3rej dane dotycz\u0105, wymagaj\u0105ce ochrony danych osobowych, w szczeg\u00f3lno\u015bci gdy osoba, kt\u00f3rej dane dotycz\u0105, jest dzieckiem. W tym celu Administrator bada jakie dzia\u0142ania s\u0105 wystarczaj\u0105ce dla spe\u0142nienia potrzeb wynikaj\u0105cych ze swych prawnie uzasadnionych interes\u00f3w, a jednocze\u015bnie w minimalny spos\u00f3b dotykaj\u0105 interes\u00f3w lub praw podstawowymi i wolno\u015bci os\u00f3b, kt\u00f3rych dane dotycz\u0105.<\/p>\n\n\n\n<p><strong>2.<\/strong> <strong>rzetelnie<\/strong> \u2013 oznacza to, \u017ce o <strong>zasadach przetwarzania danych osobowych Administrator informuje ju\u017c w momencie zbierania danych<\/strong>. Dalszych informacji nt. przetwarzania danych, w razie gdy udost\u0119pniane informacje nie s\u0105 wystarczaj\u0105ce, nale\u017cy poszukiwa\u0107 w drodze bezpo\u015bredniego kontaktu z Administratorem poprzez kana\u0142y informacyjne wskazane w pkt I niniejszej Polityki.<\/p>\n\n\n\n<p><strong>3. w spos\u00f3b przejrzysty dla Klienta<\/strong> \u2013 tj. tak, aby <strong>proste by\u0142o uzyskanie wgl\u0105du do przekazanych danych oraz ich ewentualnej modyfikacji<\/strong> a tak\u017ce przekazanie w ca\u0142o\u015bci lub cz\u0119\u015bci innemu podmiotowi, zgodnie z \u017c\u0105daniem Klienta. Oznacza to tak\u017ce, \u017ce informacje, kt\u00f3re dotycz\u0105 przetwarzania danych osobowych s\u0105 przekazywane<strong> jasnym j\u0119zykiem, przejrzy\u015bcie i zrozumiale<\/strong>.<\/p>\n\n\n\n<p><strong>4.<\/strong> <strong>w konkretnym, wyra\u017anym i prawnie uzasadnionym celu<\/strong> \u2013dane osobowe s\u0105 przetwarzane <strong>tylko w bardzo ograniczonym zakresie<\/strong> \u2013 niezb\u0119dnym dla realizacji umowy, chyba \u017ce wyra\u017cono odr\u0119bn\u0105 zgod\u0119 na przetwarzanie tak\u017ce w innym celu.<\/p>\n\n\n\n<p><strong>5. adekwatnie i w spos\u00f3b niezb\u0119dny do cel\u00f3w, w kt\u00f3rych s\u0105 przetwarzane<\/strong> \u2013 \u017c\u0105dane od Klient\u00f3w dane osobowe stanowi\u0105 <strong>niezb\u0119dne minimum<\/strong>, bez kt\u00f3rego nie by\u0142aby mo\u017cliwa realizacja umowy.<\/p>\n\n\n\n<p><strong>6. w spos\u00f3b prawid\u0142owy i w aktualnej formie<\/strong> \u2013 Administrator zapewnia, \u017ce dane osobowe, kt\u00f3re s\u0105 z jakiegokolwiek wzgl\u0119du przetwarzane nieprawid\u0142owo (co do celu, co do tre\u015bci itp.), zostan\u0105 niezw\u0142ocznie albo usuni\u0119te, albo sprostowane. Mechanizm usuwania lub prostowania danych osobowych u\u0142atwia procedura zg\u0142aszania nieaktualno\u015bci lub b\u0142\u0119dno\u015bci danych, o kt\u00f3rej mowa w IV niniejszej Polityki. &nbsp;&nbsp;&nbsp;&nbsp;<\/p>\n\n\n\n<p><strong>7. wy\u0142\u0105cznie w czasie niezb\u0119dnym do realizacji cel\u00f3w, dla kt\u00f3rych dane s\u0105 przetwarzane<\/strong> \u2013&nbsp;dane Klient\u00f3w, po wykonaniu umowy nie s\u0105 dalej przetwarzane, chyba, \u017ce wyra\u017cono zgod\u0119 na przetwarzanie danych do cel\u00f3w innych ni\u017c wykonanie umowy.<\/p>\n\n\n\n<p><strong>8. w spos\u00f3b integralny i poufny<\/strong> \u2013&nbsp; Administrator zapewnia odpowiednie \u015brodki bezpiecze\u0144stwa, w tym ochron\u0119 przed niedozwolonym lub niezgodnym z prawem przetwarzaniem oraz przypadkow\u0105 utrat\u0105, zniszczeniem, uszkodzeniem danych&nbsp; osobowych.<\/p>\n\n\n\n<p><strong>III.&nbsp; Jakie przys\u0142uguj\u0105 prawa w zwi\u0105zku z przetwarzaniem danych osobowych?<\/strong><\/p>\n\n\n\n<p>Na podstawie art. 12 ust. 1 RODO informuj\u0119, \u017ce przys\u0142uguj\u0105 nast\u0119puj\u0105ce prawa:<\/p>\n\n\n\n<ol type=\"1\"><li>\u017b\u0105danie od Administratora <strong>udzielenia informacji o dzia\u0142aniach podj\u0119tych przez Administratora<\/strong> w zwi\u0105zku z wykonywaniem praw (art. 12 ust. 3 RODO);<\/li><li>\u017b\u0105danie od Administratora <strong>potwierdzenia, czy Administrator przetwarza dane osobowe<\/strong> jej dotycz\u0105ce (art. 15 RODO);<\/li><li>\u017b\u0105danie od Administratora <strong>udzielenia informacji<\/strong> o: celu przetwarzania, kategorii danych osobowych, o odbiorcach lub kategoriach odbiorc\u00f3w, kt\u00f3rym udost\u0119pnia si\u0119 dane, planowanym okresie przechowywania danych osobowych lub kryteriach ustalania tego okresu, o \u017ar\u00f3dle danych osobowych \u2013 je\u015bli Administrator nie pozyska\u0142 ich bezpo\u015brednio od osoby, kt\u00f3rej dane s\u0105 przetwarzane (art. 15 RODO);<\/li><li>\u017b\u0105danie od Administratora <strong>sprostowania, usuni\u0119cia, ograniczenia<\/strong> przetwarzania danych osobowych (art. 16 \u2013 18 RODO);<\/li><li>\u017b\u0105danie od Administratora <strong>wydania kopii przetwarzanych danych osobowych w wybranej formie<\/strong> za stosown\u0105 op\u0142at\u0105 pobieran\u0105 przez Administratora i zale\u017cn\u0105 od wybranego no\u015bnika danych i obj\u0119to\u015bci danych osobowych (art. 15 ust. 3 RODO);<\/li><li>\u017b\u0105danie od Administratora <strong>przekazania danych osobowych<\/strong> celem przes\u0142ania innemu administratorowi b\u0105d\u017a \u017c\u0105dania przekazania danych bezpo\u015brednio innemu administratorowi (art. 20 RODO);<\/li><li><strong>Prawo sprzeciwu do Prezesa Urz\u0119du Ochrony Danych Osobowych<\/strong> (art. 21 RODO) \u2013 tylko gdy podstaw\u0105 przetwarzania danych jest realizacja prawnie uzasadnionych interes\u00f3w realizowanych przez Administratora lub przez stron\u0119 trzeci\u0105 (zobacz II.1.d. niniejszej Polityki).<\/li><li><strong>Prawo do wniesienia skargi do<\/strong> <strong>Prezesa Urz\u0119du Ochrony Danych Osobowych<\/strong> \u2013 je\u015bli osoba, kt\u00f3re dane s\u0105 przetwarzane s\u0105dzi, \u017ce przetwarzanie danych osobowych jej dotycz\u0105ce narusza przepisy RODO (art. 77 RODO)<\/li><li><strong>Prawo do zwr\u00f3cenia si\u0119 do s\u0105du o udzielenie ochrony prawnej, w szczeg\u00f3lno\u015bci do wytoczenia<\/strong> przeciwko Administratorowi b\u0105d\u017a innemu podmiotowi przetwarzaj\u0105cemu dane osobowe <strong>pow\u00f3dztwa o zaprzestanie naruszenia d\u00f3br osobistych<\/strong> w zwi\u0105zku z niezgodnym z prawem przetwarzaniem danych osobowych, zgodnie z przepisami Kodeksu cywilnego (art. 78 RODO). S\u0105d, do kt\u00f3rego nale\u017cy wnie\u015b\u0107 pozew, ustala si\u0119 zgodnie z przepisami ustawy z dnia 17 listopada 1964 r. Kodeks post\u0119powania cywilnego (t.j. Dz. U. z 2019 r. poz. 1460 z p\u00f3\u017an. zm.)..<\/li><li><strong>Prawo do wytoczenia przeciwko Administratorowi pow\u00f3dztwa o odszkodowanie<\/strong>, je\u015bli niezgodne z prawem przetwarzanie danych osobowych wywo\u0142a\u0142o szkod\u0119 (art. 82 RODO). S\u0105d, do kt\u00f3rego nale\u017cy wnie\u015b\u0107 pozew, ustala si\u0119 zgodnie z przepisami ustawy z dnia 17 listopada 1964 r. Kodeks post\u0119powania cywilnego (t.j. Dz. U. z 2019 r. poz. 1460 z p\u00f3\u017an. zm.)..<\/li><\/ol>\n\n\n\n<p>Wnioski, o kt\u00f3rych mowa w pkt. 1-6, mo\u017cna sk\u0142ada\u0107 w formie tradycyjnej na adres korespondencyjny Administratora b\u0105d\u017a drog\u0105 elektroniczn\u0105 na adres e-mail. Administrator udziela odpowiedzi na te wnioski w formie wybranej przez Klienta.&nbsp;<\/p>\n\n\n\n<p>Administrator udziela informacji o statusie rozpatrzenia wniosk\u00f3w, o kt\u00f3rych mowa w pkt. 1-6, &nbsp;<strong>w terminie miesi\u0105ca<\/strong> od ich otrzymania. W razie potrzeby Administrator mo\u017ce ten termin <strong>przed\u0142u\u017cy\u0107 o kolejne dwa miesi\u0105ce <\/strong>z uwagi na skomplikowany charakter \u017c\u0105dania lub liczb\u0119 \u017c\u0105da\u0144. O przed\u0142u\u017ceniu terminu Administrator informuje w terminie miesi\u0105ca od otrzymania wniosku.<\/p>\n\n\n\n<p>Podkre\u015bla si\u0119, \u017ce udzielenie informacji oraz podj\u0119cie dzia\u0142a\u0144 przez Administratora na wniosek Klienta, jest co do zasady <strong>wolne od op\u0142at<\/strong>, chyba \u017ce wyra\u017anie wskazano, \u017ce jest inaczej. Jednak\u017ce kierowanie wniosk\u00f3w, o kt\u00f3rych mowa w pkt. 1-6, w cz\u0119stotliwo\u015bci wi\u0119kszej ni\u017c raz na miesi\u0105c <strong>powoduje konieczno\u015b\u0107 naliczenia przez Administratora op\u0142at zwi\u0105zanych z udzieleniem informacji b\u0105d\u017a podj\u0119ciem dzia\u0142a\u0144<\/strong>. W skrajnych przypadkach, gdy \u017c\u0105danie Klienta ma ewidentnie nieuzasadniony lub nadmierny charakter, <strong>Administrator ma prawo odm\u00f3wi\u0107 udzielenia informacji<\/strong> b\u0105d\u017a podj\u0119cia dzia\u0142a\u0144, kt\u00f3r\u0105 to decyzj\u0119 ma obowi\u0105zek uzasadni\u0107.&nbsp;&nbsp;<\/p>\n\n\n\n<p><strong>IV. Jakie wdro\u017cono \u015brodki techniczne i organizacyjne ochrony praw zwi\u0105zanych z przetwarzaniem danych osobowych?<\/strong><\/p>\n\n\n\n<p>Celem ochrony praw zwi\u0105zanych z przetwarzaniem danych osobowych:&nbsp;<\/p>\n\n\n\n<p>a) wprowadza si\u0119 niniejsz\u0105 Polityk\u0119 Prywatno\u015bci, uznaj\u0105c j\u0105 za wi\u0105\u017c\u0105c\u0105 tak Administratora, jak i Klient\u00f3w;<\/p>\n\n\n\n<p>b) wszelkie czynno\u015bci s\u0105 w bezpieczny spos\u00f3b archiwizowane celem ewentualnego p\u00f3\u017aniejszego udost\u0119pnienia Klientom b\u0105d\u017a organowi nadzoru;<\/p>\n\n\n\n<p><strong>V. Jakie wdro\u017cono \u015brodki w zwi\u0105zku z ochron\u0105 danych osobowych w fazie projektowania oraz domy\u015bln\u0105 ochrona danych?<\/strong><\/p>\n\n\n\n<p>1. Administrator zapewnia, \u017ce system przetwarzania danych jest tak <strong>zaprojektowany<\/strong>, aby minimalizowa\u0107 ryzyko naruszenia danych osobowych Klient\u00f3w (<em>privacy by design<\/em>). W tym celu:<\/p>\n\n\n\n<p>a) nie przechowuje danych osobowych na serwerach, kt\u00f3re nie zapewniaj\u0105 wiarygodnych \u015brodk\u00f3w ochrony danych oraz nie przekazuje si\u0119 danych osobowych podmiotom, kt\u00f3re nie korzystaj\u0105 z serwer\u00f3w zapewniaj\u0105cych zapewniaj\u0105 wiarygodnych \u015brodk\u00f3w ochrony danych. Serwery, z kt\u00f3rych korzysta Administrator oraz podmioty, kt\u00f3rym Administrator przekazuje dane osobowe lub powierza im przetwarzanie danych osobowych s\u0105 opatrzone protoko\u0142em SSL, kt\u00f3ry gwarantuje poufno\u015b\u0107 i integralno\u015b\u0107 transmisji danych.<\/p>\n\n\n\n<p>b) korzysta z licencjonowanego i skutecznego systemu antywirusowego <strong>ESET Internet Security, ESET<\/strong><strong>, spol. s r. o.<\/strong><strong> z siedzib\u0105 w Bratys\u0142awie (S\u0142owacja)<\/strong> &#8211; celem zminimalizowania ryzyka przypadkowej utraty danych b\u0105d\u017a uzyskania danych osobowych przez osoby nieuprawnione.<\/p>\n\n\n\n<p>c) zbiera minimalny zakres danych, jedynie w zakresie niezb\u0119dnym do realizacji celu.<\/p>\n\n\n\n<p>Realizacj\u0119 tego celu umo\u017cliwia odpowiednie sformu\u0142owanie formularzy wykorzystywanych na stronie www sklepu internetowego Administratora, kt\u00f3re nie wymagaj\u0105 wskazania danych osobowych nieistotnych z punktu widzenia celu przetwarzania.<\/p>\n\n\n\n<p><strong>VI. Postanowienia ko\u0144cowe<\/strong><\/p>\n\n\n\n<p>1. Podkre\u015bla si\u0119, \u017ce niniejsza Polityka Prywatno\u015bci obowi\u0105zuje w relacji mi\u0119dzy Administratorem a Klientem, co oznacza, \u017ce nie obejmuje ona relacji pomi\u0119dzy Klientami a podmiotami, kt\u00f3re s\u0105 wskazywane na stronie internetowej Administratora, w formie link\u00f3w bezpo\u015brednich b\u0105d\u017a innej. Spos\u00f3b ochrony danych osobowych w relacjach z ww. podmiotami okre\u015blaj\u0105 odr\u0119bne regulacje ustanowione przez ww. podmioty.<\/p>\n\n\n\n<p>2. Zmiany niniejszej Polityki Prywatno\u015bci mog\u0105 wynika\u0107 ze zmiany przepis\u00f3w prawnych, a tak\u017ce z post\u0119pu technologicznego. W razie dokonania jakichkolwiek zmian w zakresie regulacji ochrony danych osobowych, zmiany zostan\u0105 niezw\u0142ocznie wskazane w widoczny spos\u00f3b na stronie internetowej Administratora.<\/p>\n","protected":false},"excerpt":{"rendered":"<p>Polityka prywatno\u015bci strony WWW I. Podstawowe poj\u0119cia U\u017cyte w niniejszej Polityce Prywatno\u015bci poj\u0119cia oznaczaj\u0105: \u201eAdministrator\u201d Aurelia Pikulska &#8211; Organ prowadz\u0105cy Przedszkole Niepubliczne \u201eENART\u201d w Piaskach[ul. Drz\u0119czewska 8, 63-820 Piaski] [RSPO: 54208, REGON: 302251145]. adres e-mail: przedszkole@enart.com.pl adres www: enart.com.pl \u201edane &hellip; <a href=\"https:\/\/www.enart.com.pl\/?page_id=3241\">Czytaj dalej <span class=\"meta-nav\">&rarr;<\/span><\/a><\/p>\n","protected":false},"author":2,"featured_media":0,"parent":0,"menu_order":0,"comment_status":"closed","ping_status":"closed","template":"","meta":[],"_links":{"self":[{"href":"https:\/\/www.enart.com.pl\/index.php?rest_route=\/wp\/v2\/pages\/3241"}],"collection":[{"href":"https:\/\/www.enart.com.pl\/index.php?rest_route=\/wp\/v2\/pages"}],"about":[{"href":"https:\/\/www.enart.com.pl\/index.php?rest_route=\/wp\/v2\/types\/page"}],"author":[{"embeddable":true,"href":"https:\/\/www.enart.com.pl\/index.php?rest_route=\/wp\/v2\/users\/2"}],"replies":[{"embeddable":true,"href":"https:\/\/www.enart.com.pl\/index.php?rest_route=%2Fwp%2Fv2%2Fcomments&post=3241"}],"version-history":[{"count":2,"href":"https:\/\/www.enart.com.pl\/index.php?rest_route=\/wp\/v2\/pages\/3241\/revisions"}],"predecessor-version":[{"id":3244,"href":"https:\/\/www.enart.com.pl\/index.php?rest_route=\/wp\/v2\/pages\/3241\/revisions\/3244"}],"wp:attachment":[{"href":"https:\/\/www.enart.com.pl\/index.php?rest_route=%2Fwp%2Fv2%2Fmedia&parent=3241"}],"curies":[{"name":"wp","href":"https:\/\/api.w.org\/{rel}","templated":true}]}}