{"id":678,"date":"2012-10-23T09:16:12","date_gmt":"2012-10-23T09:16:12","guid":{"rendered":"http:\/\/www.enart.com.pl\/?page_id=678"},"modified":"2014-02-12T19:11:08","modified_gmt":"2014-02-12T19:11:08","slug":"profilaktyka-zdrowotna","status":"publish","type":"page","link":"https:\/\/www.enart.com.pl\/?page_id=678","title":{"rendered":"Profilaktyka zdrowotna"},"content":{"rendered":"<p>W roku szkolnym 2012\/13 nasze przedszkole realizuje program profilaktyczno-zdrowotny <strong>\u201eMoje dziecko idzie do szko\u0142y\u201d<\/strong>. Jego koordynatorem jest dyrektor ds. pedagogicznych Bo\u017cena Przybylak.<\/p>\n<p>Program ten skierowany jest m.in. do dzieci przedszkolnych, ich rodzic\u00f3w i nauczycieli. Autorem programu jest Oddzia\u0142 Promocji i O\u015bwiaty Zdrowotnej Wojew\u00f3dzkiej Stacji Sanitarno-Epidemiologicznej w Poznaniu.<\/p>\n<p>G\u0142\u00f3wnym jego celem jest ukszta\u0142towanie prawid\u0142owych nawyk\u00f3w i umiej\u0119tno\u015bci prozdrowotnych u dzieci przedszkolnych i ich rodzic\u00f3w.<\/p>\n<p>Cele szczeg\u00f3\u0142owe obejmuj\u0105: podniesienie poziomu wiedzy rodzic\u00f3w na temat wybranych element\u00f3w zdrowego stylu \u017cycia, \u017cywienia oraz wskazanie innych czynnik\u00f3w maj\u0105cych wp\u0142yw na zachowanie zdrowia.<\/p>\n<p>Program porusza nast\u0119puj\u0105ce tre\u015bci:<\/p>\n<ul>\n<li>\u017bywienie dziecka, zapobieganie nadwadze i oty\u0142o\u015bci<\/li>\n<li>Higiena jamy ustnej<\/li>\n<li>Prawid\u0142owa postawa cia\u0142a<\/li>\n<li>\u015arodowisko szkolne, rozk\u0142ad zaj\u0119\u0107, o\u015bwietlenie, ci\u0119\u017car plecaka przysz\u0142ego ucznia, stanowisko pracy<\/li>\n<li>Ochrona wzroku<\/li>\n<li>Prawid\u0142owy rozw\u00f3j mowy<\/li>\n<li>Zdrowie psychiczne dziecka<\/li>\n<li>Bezpiecze\u0144stwo w przedszkolu, domu, w drodze do i z przedszkola<\/li>\n<\/ul>\n<p>Rodzice i nauczyciele otrzymuj\u0105 broszur\u0119 tematyczn\u0105, dzieci \u2013 kolorowanki i zak\u0142adki.<\/p>\n<p>Program realizowany jest od pa\u017adziernika do maja wg opracowanego przez przedszkole harmonogramu. Na zako\u0144czenie nale\u017cy w sprawozdaniu do SANEPID-u w Gostyniu opisa\u0107 realizacj\u0119 w\/w.<\/p>\n","protected":false},"excerpt":{"rendered":"<p>W roku szkolnym 2012\/13 nasze przedszkole realizuje program profilaktyczno-zdrowotny \u201eMoje dziecko idzie do szko\u0142y\u201d. Jego koordynatorem jest dyrektor ds. pedagogicznych Bo\u017cena Przybylak. Program ten skierowany jest m.in. do dzieci przedszkolnych, ich rodzic\u00f3w i nauczycieli. Autorem programu jest Oddzia\u0142 Promocji i &hellip; <a href=\"https:\/\/www.enart.com.pl\/?page_id=678\">Czytaj dalej <span class=\"meta-nav\">&rarr;<\/span><\/a><\/p>\n","protected":false},"author":2,"featured_media":0,"parent":1312,"menu_order":0,"comment_status":"closed","ping_status":"open","template":"","meta":[],"_links":{"self":[{"href":"https:\/\/www.enart.com.pl\/index.php?rest_route=\/wp\/v2\/pages\/678"}],"collection":[{"href":"https:\/\/www.enart.com.pl\/index.php?rest_route=\/wp\/v2\/pages"}],"about":[{"href":"https:\/\/www.enart.com.pl\/index.php?rest_route=\/wp\/v2\/types\/page"}],"author":[{"embeddable":true,"href":"https:\/\/www.enart.com.pl\/index.php?rest_route=\/wp\/v2\/users\/2"}],"replies":[{"embeddable":true,"href":"https:\/\/www.enart.com.pl\/index.php?rest_route=%2Fwp%2Fv2%2Fcomments&post=678"}],"version-history":[{"count":3,"href":"https:\/\/www.enart.com.pl\/index.php?rest_route=\/wp\/v2\/pages\/678\/revisions"}],"predecessor-version":[{"id":1330,"href":"https:\/\/www.enart.com.pl\/index.php?rest_route=\/wp\/v2\/pages\/678\/revisions\/1330"}],"up":[{"embeddable":true,"href":"https:\/\/www.enart.com.pl\/index.php?rest_route=\/wp\/v2\/pages\/1312"}],"wp:attachment":[{"href":"https:\/\/www.enart.com.pl\/index.php?rest_route=%2Fwp%2Fv2%2Fmedia&parent=678"}],"curies":[{"name":"wp","href":"https:\/\/api.w.org\/{rel}","templated":true}]}}